{"id":2690,"date":"2017-08-09T12:18:42","date_gmt":"2017-08-09T11:18:42","guid":{"rendered":"http:\/\/pravnapomoc.org\/?page_id=2690\/"},"modified":"2017-08-10T12:55:20","modified_gmt":"2017-08-10T11:55:20","slug":"nvo-raskrsce","status":"publish","type":"page","link":"https:\/\/pravnapomoc.org\/lat\/kancelarije\/nvo-raskrsce\/","title":{"rendered":"NVO Raskr\u0161\u0107e"},"content":{"rendered":"<p>[vc_row css_animation=&#8221;&#8221; row_type=&#8221;row&#8221; use_row_as_full_screen_section=&#8221;no&#8221; type=&#8221;full_width&#8221; angled_section=&#8221;no&#8221; text_align=&#8221;left&#8221; background_image_as_pattern=&#8221;without_pattern&#8221;][vc_column css=&#8221;.vc_custom_1502271325232{margin-bottom: 40px !important;}&#8221;][vc_column_text el_class=&#8221;office-title&#8221;]<strong>Prijem stranaka<\/strong><\/p>\n<p><b>NVO RASKR\u0160\u0106E<\/b><\/p>\n<p>Kneza Lazara 66 (Tr\u017eni centar, II. sprat), Gra\u010danica[\/vc_column_text][\/vc_column][\/vc_row][vc_row css_animation=&#8221;&#8221; row_type=&#8221;row&#8221; use_row_as_full_screen_section=&#8221;no&#8221; type=&#8221;full_width&#8221; angled_section=&#8221;no&#8221; text_align=&#8221;left&#8221; background_image_as_pattern=&#8221;without_pattern&#8221; el_class=&#8221;office-line&#8221; css=&#8221;.vc_custom_1502272070354{margin-bottom: 40px !important;}&#8221;][vc_column width=&#8221;1\/6&#8243;][vc_single_image image=&#8221;2695&#8243; img_size=&#8221;150&#215;250&#8243; qode_css_animation=&#8221;&#8221;][\/vc_column][vc_column width=&#8221;5\/6&#8243; css=&#8221;.vc_custom_1502271835968{padding-top: 30px !important;}&#8221;][vc_column_text el_class=&#8221;office-info-text-title&#8221;]<span lang=\"sr-RS\"><b>Vlastimir Petrovi\u0107<\/b><\/span><\/p>\n<p><span lang=\"sr-RS\"><i>Stariji pravni savetnik<\/i><\/span>[\/vc_column_text][vc_column_text el_class=&#8221;office-info-text&#8221;]<\/p>\n<p align=\"justify\">Ro\u0111en 1963 godine u Gnjilanu, Pravni fakultet u Pri\u0161tini zavr\u0161io je 1988 godine. U svojoj karijeri radio je na radnom mestu sekretara srednje \u0161kole, direktora pravne divizije duvanske indstrije Gnjilane, zatim u UNMIK administraciji, NVO Ameri\u010dki komitet za izbeglice i Norve\u0161ki savet za izbeglice. Advokaturom se bavi od 2005. godine.<\/p>\n<p>[\/vc_column_text][\/vc_column][\/vc_row][vc_row css_animation=&#8221;&#8221; row_type=&#8221;row&#8221; use_row_as_full_screen_section=&#8221;no&#8221; type=&#8221;full_width&#8221; angled_section=&#8221;no&#8221; text_align=&#8221;left&#8221; background_image_as_pattern=&#8221;without_pattern&#8221; el_class=&#8221;office-line&#8221; css=&#8221;.vc_custom_1502272079370{margin-bottom: 40px !important;}&#8221;][vc_column width=&#8221;1\/6&#8243;][vc_single_image image=&#8221;2698&#8243; img_size=&#8221;150&#215;250&#8243; qode_css_animation=&#8221;&#8221;][\/vc_column][vc_column width=&#8221;5\/6&#8243; css=&#8221;.vc_custom_1502271835968{padding-top: 30px !important;}&#8221;][vc_column_text el_class=&#8221;office-info-text-title&#8221;]<span lang=\"sr-RS\"><b>Nenad Trajkovi\u0107<\/b><\/span><\/p>\n<p><span lang=\"sr-RS\"><i>Mla\u0111i pravni ekspert<\/i><\/span>[\/vc_column_text][vc_column_text el_class=&#8221;office-info-text&#8221;]Ro\u0111en 1978. godine u Kosovom Polju, a Pravni fakultet zavr\u0161io 2004. godine na Univerzitetu u Pri\u0161tini sa privremenim sedi\u0161tem u Kosovskoj Mitorivici. Od 2005. godine radio u razli\u010ditim nevladinim organizacijama, a na projektima pravne pomo\u0107i radi od 2011. godine. Volontirao je za Kancelariju za Kosovo i Metohiju u periodu od 2015. do 2016. godine. Zavr\u0161tio je obuku OEBS-a za pru\u017eanje pravna pomo\u0107i i ATRC-a za strate\u0161ku litigaciju.[\/vc_column_text][\/vc_column][\/vc_row][vc_row css_animation=&#8221;&#8221; row_type=&#8221;row&#8221; use_row_as_full_screen_section=&#8221;no&#8221; type=&#8221;full_width&#8221; angled_section=&#8221;no&#8221; text_align=&#8221;left&#8221; background_image_as_pattern=&#8221;without_pattern&#8221; el_class=&#8221;office-line&#8221; css=&#8221;.vc_custom_1502272079370{margin-bottom: 40px !important;}&#8221;][vc_column width=&#8221;1\/6&#8243;][vc_single_image image=&#8221;2707&#8243; img_size=&#8221;150&#215;250&#8243; qode_css_animation=&#8221;&#8221;][\/vc_column][vc_column width=&#8221;5\/6&#8243; css=&#8221;.vc_custom_1502271835968{padding-top: 30px !important;}&#8221;][vc_column_text el_class=&#8221;office-info-text-title&#8221;]<span lang=\"sr-RS\"><b>\u0110or\u0111e \u0110or\u0111evi\u0107<\/b><\/span><\/p>\n<p><span lang=\"sr-RS\"><i>Mla\u0111i pravni ekspert <\/i><\/span>[\/vc_column_text][vc_column_text el_class=&#8221;office-info-text&#8221;]<\/p>\n<p align=\"justify\">Ro\u0111en je 1985. godine U Pri\u0161tini. Diplomirao je na Pravnom fakultetu Univerziteta u Pri\u0161tini. Zvanje mastera pravnih nauka stekao je 2011. godine. Godinu dana kasnije stekao je i zvanje specijaliste za terorizam, organizovani kriminal i korupciju na Pravnom fakultetu u Beogradu, kao i zvanje rezervnog oficira Vojske Srbije na Vojnoj akademiji u Beogradu. Po zavr\u0161etku osnovnih studija radio je u pravosudnim i administrativnim institucijama privremene samouprave na Kosovu i Metohiji. Pre po\u010detka rada na projektu besplatne pravne pomo\u0107i, obavljao je funkciju Sekretara privremenog organa op\u0161tine Lipljan.<\/p>\n<p>[\/vc_column_text][\/vc_column][\/vc_row][vc_row css_animation=&#8221;&#8221; row_type=&#8221;row&#8221; use_row_as_full_screen_section=&#8221;no&#8221; type=&#8221;full_width&#8221; angled_section=&#8221;no&#8221; text_align=&#8221;left&#8221; background_image_as_pattern=&#8221;without_pattern&#8221; el_class=&#8221;office-line&#8221; css=&#8221;.vc_custom_1502272079370{margin-bottom: 40px !important;}&#8221;][vc_column width=&#8221;1\/6&#8243;][vc_single_image image=&#8221;2701&#8243; img_size=&#8221;150&#215;250&#8243; qode_css_animation=&#8221;&#8221;][\/vc_column][vc_column width=&#8221;5\/6&#8243; css=&#8221;.vc_custom_1502271835968{padding-top: 30px !important;}&#8221;][vc_column_text el_class=&#8221;office-info-text-title&#8221;]<span lang=\"sr-RS\"><b>Jovana Filipovi\u0107<\/b><\/span><\/p>\n<p><span lang=\"sr-RS\"><i>Pripravnik<\/i><\/span>[\/vc_column_text][vc_column_text el_class=&#8221;office-info-text&#8221;]<\/p>\n<p align=\"justify\">Pravni fakultet Univerziteta u Pri\u0161tini, sa privremenim sedi\u0161tem u Kosovskoj Mitrovici, zavr\u0161ila je 2015. godine, nakon \u010dega je na istom univerzitetu upisala master studije. Stru\u010dnu praksu je zavr\u0161ila u Osnovnom sudu u Kosovskoj Mitrovici, sudska jedinica Gra\u010danica. Odmah nakon zavr\u0161enih osnovnih studija, u septembru 2015. godine, po\u010dela je da sta\u017eira u advokatskoj kancelariji u cilju sticanja uslova za polaganje pravosudnog ispita koji je polo\u017eila 2017. godine u Pri\u0161tini.<\/p>\n<p>[\/vc_column_text][\/vc_column][\/vc_row][vc_row css_animation=&#8221;&#8221; row_type=&#8221;row&#8221; use_row_as_full_screen_section=&#8221;no&#8221; type=&#8221;full_width&#8221; angled_section=&#8221;no&#8221; text_align=&#8221;left&#8221; background_image_as_pattern=&#8221;without_pattern&#8221; el_class=&#8221;office-line&#8221; css=&#8221;.vc_custom_1502272079370{margin-bottom: 40px !important;}&#8221;][vc_column width=&#8221;1\/6&#8243;][vc_single_image image=&#8221;2704&#8243; img_size=&#8221;150&#215;250&#8243; qode_css_animation=&#8221;&#8221;][\/vc_column][vc_column width=&#8221;5\/6&#8243; css=&#8221;.vc_custom_1502271835968{padding-top: 30px !important;}&#8221;][vc_column_text el_class=&#8221;office-info-text-title&#8221;]<\/p>\n<p align=\"justify\"><span lang=\"sr-RS\"><b>Ivan Jankovi\u0107<\/b><\/span><\/p>\n<p><span lang=\"sr-RS\"><i>Pripravnik<\/i><\/span>[\/vc_column_text][vc_column_text el_class=&#8221;office-info-text&#8221;]<\/p>\n<p align=\"justify\">Ro\u0111en 1990. godine u Tuzli. Nakon zavr\u0161ene srednje \u0161kole, \u0161est meseci je sta\u017eirao u Op\u0161tini Kosovo Polje. Osnovne studije zavr\u0161io je na Pravnom fakultetu u Pri\u0161tini. Volonotirao je u nevladinim organizacijama \u201eRuka \u2013Ruci\u201d i \u201eIMSK\u201d na poslovima rukovo\u0111enja projektima, predavanjima iz oblasti prava, sa fokusom na prava manjina, pisanju ugovora i drugih pravnih akata.<\/p>\n<p>[\/vc_column_text][\/vc_column][\/vc_row]<\/p>\n","protected":false},"excerpt":{"rendered":"<p>[vc_row css_animation=&#8221;&#8221; row_type=&#8221;row&#8221; use_row_as_full_screen_section=&#8221;no&#8221; type=&#8221;full_width&#8221; angled_section=&#8221;no&#8221; text_align=&#8221;left&#8221; background_image_as_pattern=&#8221;without_pattern&#8221;][vc_column css=&#8221;.vc_custom_1502271325232{margin-bottom: 40px !important;}&#8221;][vc_column_text el_class=&#8221;office-title&#8221;]Prijem stranaka NVO RASKR\u0160\u0106E Kneza Lazara 66 (Tr\u017eni centar, II. sprat), Gra\u010danica[\/vc_column_text][\/vc_column][\/vc_row][vc_row css_animation=&#8221;&#8221; row_type=&#8221;row&#8221; use_row_as_full_screen_section=&#8221;no&#8221; type=&#8221;full_width&#8221; angled_section=&#8221;no&#8221; text_align=&#8221;left&#8221; background_image_as_pattern=&#8221;without_pattern&#8221; el_class=&#8221;office-line&#8221; css=&#8221;.vc_custom_1502272070354{margin-bottom: 40px !important;}&#8221;][vc_column width=&#8221;1\/6&#8243;][vc_single_image image=&#8221;2695&#8243; img_size=&#8221;150&#215;250&#8243; qode_css_animation=&#8221;&#8221;][\/vc_column][vc_column width=&#8221;5\/6&#8243; css=&#8221;.vc_custom_1502271835968{padding-top: 30px !important;}&#8221;][vc_column_text el_class=&#8221;office-info-text-title&#8221;]Vlastimir Petrovi\u0107 Stariji&#8230;<\/p>\n","protected":false},"author":2,"featured_media":0,"parent":2549,"menu_order":0,"comment_status":"closed","ping_status":"closed","template":"","meta":{"_acf_changed":false,"inline_featured_image":false,"footnotes":""},"class_list":["post-2690","page","type-page","status-publish","hentry"],"acf":[],"yoast_head":"<!-- This site is optimized with the Yoast SEO plugin v27.4 - https:\/\/yoast.com\/product\/yoast-seo-wordpress\/ -->\n<title>NVO Raskr\u0161\u0107e - Free legal aid<\/title>\n<meta name=\"robots\" content=\"index, follow, max-snippet:-1, max-image-preview:large, max-video-preview:-1\" \/>\n<link rel=\"canonical\" href=\"https:\/\/pravnapomoc.org\/\u043a\u0430\u043d\u0446\u0435\u043b\u0430\u0440\u0438\u0458\u0435\/\u043d\u0432\u043e-\u0440\u0430\u0441\u043a\u0440\u0448\u045b\u0435\/\" \/>\n<meta property=\"og:locale\" content=\"en_US\" \/>\n<meta property=\"og:type\" content=\"article\" \/>\n<meta property=\"og:title\" content=\"NVO Raskr\u0161\u0107e - Free legal aid\" \/>\n<meta property=\"og:description\" content=\"[vc_row css_animation=&#8221;&#8221; row_type=&#8221;row&#8221; use_row_as_full_screen_section=&#8221;no&#8221; type=&#8221;full_width&#8221; angled_section=&#8221;no&#8221; text_align=&#8221;left&#8221; background_image_as_pattern=&#8221;without_pattern&#8221;][vc_column css=&#8221;.vc_custom_1502271325232{margin-bottom: 40px !important;}&#8221;][vc_column_text el_class=&#8221;office-title&#8221;]Prijem stranaka NVO RASKR\u0160\u0106E Kneza Lazara 66 (Tr\u017eni centar, II. sprat), Gra\u010danica[\/vc_column_text][\/vc_column][\/vc_row][vc_row css_animation=&#8221;&#8221; row_type=&#8221;row&#8221; use_row_as_full_screen_section=&#8221;no&#8221; type=&#8221;full_width&#8221; angled_section=&#8221;no&#8221; text_align=&#8221;left&#8221; background_image_as_pattern=&#8221;without_pattern&#8221; el_class=&#8221;office-line&#8221; css=&#8221;.vc_custom_1502272070354{margin-bottom: 40px !important;}&#8221;][vc_column width=&#8221;1\/6&#8243;][vc_single_image image=&#8221;2695&#8243; img_size=&#8221;150&#215;250&#8243; qode_css_animation=&#8221;&#8221;][\/vc_column][vc_column width=&#8221;5\/6&#8243; css=&#8221;.vc_custom_1502271835968{padding-top: 30px !important;}&#8221;][vc_column_text el_class=&#8221;office-info-text-title&#8221;]Vlastimir Petrovi\u0107 Stariji...\" \/>\n<meta property=\"og:url\" content=\"https:\/\/pravnapomoc.org\/\u043a\u0430\u043d\u0446\u0435\u043b\u0430\u0440\u0438\u0458\u0435\/\u043d\u0432\u043e-\u0440\u0430\u0441\u043a\u0440\u0448\u045b\u0435\/\" \/>\n<meta property=\"og:site_name\" content=\"Free legal aid\" \/>\n<meta property=\"article:modified_time\" content=\"2017-08-10T11:55:20+00:00\" \/>\n<meta name=\"twitter:card\" content=\"summary_large_image\" \/>\n<meta name=\"twitter:label1\" content=\"Est. reading time\" \/>\n\t<meta name=\"twitter:data1\" content=\"4 minutes\" \/>\n<script type=\"application\/ld+json\" class=\"yoast-schema-graph\">{\"@context\":\"https:\\\/\\\/schema.org\",\"@graph\":[{\"@type\":\"WebPage\",\"@id\":\"https:\\\/\\\/pravnapomoc.org\\\/%d0%ba%d0%b0%d0%bd%d1%86%d0%b5%d0%bb%d0%b0%d1%80%d0%b8%d1%98%d0%b5\\\/%d0%bd%d0%b2%d0%be-%d1%80%d0%b0%d1%81%d0%ba%d1%80%d1%88%d1%9b%d0%b5\\\/\",\"url\":\"https:\\\/\\\/pravnapomoc.org\\\/%d0%ba%d0%b0%d0%bd%d1%86%d0%b5%d0%bb%d0%b0%d1%80%d0%b8%d1%98%d0%b5\\\/%d0%bd%d0%b2%d0%be-%d1%80%d0%b0%d1%81%d0%ba%d1%80%d1%88%d1%9b%d0%b5\\\/\",\"name\":\"NVO Raskr\u0161\u0107e - Free legal aid\",\"isPartOf\":{\"@id\":\"https:\\\/\\\/pravnapomoc.org\\\/#website\"},\"datePublished\":\"2017-08-09T11:18:42+00:00\",\"dateModified\":\"2017-08-10T11:55:20+00:00\",\"breadcrumb\":{\"@id\":\"https:\\\/\\\/pravnapomoc.org\\\/%d0%ba%d0%b0%d0%bd%d1%86%d0%b5%d0%bb%d0%b0%d1%80%d0%b8%d1%98%d0%b5\\\/%d0%bd%d0%b2%d0%be-%d1%80%d0%b0%d1%81%d0%ba%d1%80%d1%88%d1%9b%d0%b5\\\/#breadcrumb\"},\"inLanguage\":\"sr-RS@latin\",\"potentialAction\":[{\"@type\":\"ReadAction\",\"target\":[\"https:\\\/\\\/pravnapomoc.org\\\/%d0%ba%d0%b0%d0%bd%d1%86%d0%b5%d0%bb%d0%b0%d1%80%d0%b8%d1%98%d0%b5\\\/%d0%bd%d0%b2%d0%be-%d1%80%d0%b0%d1%81%d0%ba%d1%80%d1%88%d1%9b%d0%b5\\\/\"]}]},{\"@type\":\"BreadcrumbList\",\"@id\":\"https:\\\/\\\/pravnapomoc.org\\\/%d0%ba%d0%b0%d0%bd%d1%86%d0%b5%d0%bb%d0%b0%d1%80%d0%b8%d1%98%d0%b5\\\/%d0%bd%d0%b2%d0%be-%d1%80%d0%b0%d1%81%d0%ba%d1%80%d1%88%d1%9b%d0%b5\\\/#breadcrumb\",\"itemListElement\":[{\"@type\":\"ListItem\",\"position\":1,\"name\":\"Home\",\"item\":\"https:\\\/\\\/pravnapomoc.org\\\/lat\\\/\"},{\"@type\":\"ListItem\",\"position\":2,\"name\":\"Kancelarije\",\"item\":\"https:\\\/\\\/pravnapomoc.org\\\/%d0%ba%d0%b0%d0%bd%d1%86%d0%b5%d0%bb%d0%b0%d1%80%d0%b8%d1%98%d0%b5\\\/\"},{\"@type\":\"ListItem\",\"position\":3,\"name\":\"NVO Raskr\u0161\u0107e\"}]},{\"@type\":\"WebSite\",\"@id\":\"https:\\\/\\\/pravnapomoc.org\\\/#website\",\"url\":\"https:\\\/\\\/pravnapomoc.org\\\/\",\"name\":\"Free legal aid\",\"description\":\"Promotion and the protection of property rights of internally displaced persons, refugees and returnees upon readmission agreements\",\"potentialAction\":[{\"@type\":\"SearchAction\",\"target\":{\"@type\":\"EntryPoint\",\"urlTemplate\":\"https:\\\/\\\/pravnapomoc.org\\\/?s={search_term_string}\"},\"query-input\":{\"@type\":\"PropertyValueSpecification\",\"valueRequired\":true,\"valueName\":\"search_term_string\"}}],\"inLanguage\":\"sr-RS@latin\"}]}<\/script>\n<!-- \/ Yoast SEO plugin. -->","yoast_head_json":{"title":"NVO Raskr\u0161\u0107e - Free legal aid","robots":{"index":"index","follow":"follow","max-snippet":"max-snippet:-1","max-image-preview":"max-image-preview:large","max-video-preview":"max-video-preview:-1"},"canonical":"https:\/\/pravnapomoc.org\/\u043a\u0430\u043d\u0446\u0435\u043b\u0430\u0440\u0438\u0458\u0435\/\u043d\u0432\u043e-\u0440\u0430\u0441\u043a\u0440\u0448\u045b\u0435\/","og_locale":"en_US","og_type":"article","og_title":"NVO Raskr\u0161\u0107e - Free legal aid","og_description":"[vc_row css_animation=&#8221;&#8221; row_type=&#8221;row&#8221; use_row_as_full_screen_section=&#8221;no&#8221; type=&#8221;full_width&#8221; angled_section=&#8221;no&#8221; text_align=&#8221;left&#8221; background_image_as_pattern=&#8221;without_pattern&#8221;][vc_column css=&#8221;.vc_custom_1502271325232{margin-bottom: 40px !important;}&#8221;][vc_column_text el_class=&#8221;office-title&#8221;]Prijem stranaka NVO RASKR\u0160\u0106E Kneza Lazara 66 (Tr\u017eni centar, II. sprat), Gra\u010danica[\/vc_column_text][\/vc_column][\/vc_row][vc_row css_animation=&#8221;&#8221; row_type=&#8221;row&#8221; use_row_as_full_screen_section=&#8221;no&#8221; type=&#8221;full_width&#8221; angled_section=&#8221;no&#8221; text_align=&#8221;left&#8221; background_image_as_pattern=&#8221;without_pattern&#8221; el_class=&#8221;office-line&#8221; css=&#8221;.vc_custom_1502272070354{margin-bottom: 40px !important;}&#8221;][vc_column width=&#8221;1\/6&#8243;][vc_single_image image=&#8221;2695&#8243; img_size=&#8221;150&#215;250&#8243; qode_css_animation=&#8221;&#8221;][\/vc_column][vc_column width=&#8221;5\/6&#8243; css=&#8221;.vc_custom_1502271835968{padding-top: 30px !important;}&#8221;][vc_column_text el_class=&#8221;office-info-text-title&#8221;]Vlastimir Petrovi\u0107 Stariji...","og_url":"https:\/\/pravnapomoc.org\/\u043a\u0430\u043d\u0446\u0435\u043b\u0430\u0440\u0438\u0458\u0435\/\u043d\u0432\u043e-\u0440\u0430\u0441\u043a\u0440\u0448\u045b\u0435\/","og_site_name":"Free legal aid","article_modified_time":"2017-08-10T11:55:20+00:00","twitter_card":"summary_large_image","twitter_misc":{"Est. reading time":"4 minutes"},"schema":{"@context":"https:\/\/schema.org","@graph":[{"@type":"WebPage","@id":"https:\/\/pravnapomoc.org\/%d0%ba%d0%b0%d0%bd%d1%86%d0%b5%d0%bb%d0%b0%d1%80%d0%b8%d1%98%d0%b5\/%d0%bd%d0%b2%d0%be-%d1%80%d0%b0%d1%81%d0%ba%d1%80%d1%88%d1%9b%d0%b5\/","url":"https:\/\/pravnapomoc.org\/%d0%ba%d0%b0%d0%bd%d1%86%d0%b5%d0%bb%d0%b0%d1%80%d0%b8%d1%98%d0%b5\/%d0%bd%d0%b2%d0%be-%d1%80%d0%b0%d1%81%d0%ba%d1%80%d1%88%d1%9b%d0%b5\/","name":"NVO Raskr\u0161\u0107e - Free legal aid","isPartOf":{"@id":"https:\/\/pravnapomoc.org\/#website"},"datePublished":"2017-08-09T11:18:42+00:00","dateModified":"2017-08-10T11:55:20+00:00","breadcrumb":{"@id":"https:\/\/pravnapomoc.org\/%d0%ba%d0%b0%d0%bd%d1%86%d0%b5%d0%bb%d0%b0%d1%80%d0%b8%d1%98%d0%b5\/%d0%bd%d0%b2%d0%be-%d1%80%d0%b0%d1%81%d0%ba%d1%80%d1%88%d1%9b%d0%b5\/#breadcrumb"},"inLanguage":"sr-RS@latin","potentialAction":[{"@type":"ReadAction","target":["https:\/\/pravnapomoc.org\/%d0%ba%d0%b0%d0%bd%d1%86%d0%b5%d0%bb%d0%b0%d1%80%d0%b8%d1%98%d0%b5\/%d0%bd%d0%b2%d0%be-%d1%80%d0%b0%d1%81%d0%ba%d1%80%d1%88%d1%9b%d0%b5\/"]}]},{"@type":"BreadcrumbList","@id":"https:\/\/pravnapomoc.org\/%d0%ba%d0%b0%d0%bd%d1%86%d0%b5%d0%bb%d0%b0%d1%80%d0%b8%d1%98%d0%b5\/%d0%bd%d0%b2%d0%be-%d1%80%d0%b0%d1%81%d0%ba%d1%80%d1%88%d1%9b%d0%b5\/#breadcrumb","itemListElement":[{"@type":"ListItem","position":1,"name":"Home","item":"https:\/\/pravnapomoc.org\/lat\/"},{"@type":"ListItem","position":2,"name":"Kancelarije","item":"https:\/\/pravnapomoc.org\/%d0%ba%d0%b0%d0%bd%d1%86%d0%b5%d0%bb%d0%b0%d1%80%d0%b8%d1%98%d0%b5\/"},{"@type":"ListItem","position":3,"name":"NVO Raskr\u0161\u0107e"}]},{"@type":"WebSite","@id":"https:\/\/pravnapomoc.org\/#website","url":"https:\/\/pravnapomoc.org\/","name":"Free legal aid","description":"Promotion and the protection of property rights of internally displaced persons, refugees and returnees upon readmission agreements","potentialAction":[{"@type":"SearchAction","target":{"@type":"EntryPoint","urlTemplate":"https:\/\/pravnapomoc.org\/?s={search_term_string}"},"query-input":{"@type":"PropertyValueSpecification","valueRequired":true,"valueName":"search_term_string"}}],"inLanguage":"sr-RS@latin"}]}},"_links":{"self":[{"href":"https:\/\/pravnapomoc.org\/lat\/wp-json\/wp\/v2\/pages\/2690","targetHints":{"allow":["GET"]}}],"collection":[{"href":"https:\/\/pravnapomoc.org\/lat\/wp-json\/wp\/v2\/pages"}],"about":[{"href":"https:\/\/pravnapomoc.org\/lat\/wp-json\/wp\/v2\/types\/page"}],"author":[{"embeddable":true,"href":"https:\/\/pravnapomoc.org\/lat\/wp-json\/wp\/v2\/users\/2"}],"replies":[{"embeddable":true,"href":"https:\/\/pravnapomoc.org\/lat\/wp-json\/wp\/v2\/comments?post=2690"}],"version-history":[{"count":5,"href":"https:\/\/pravnapomoc.org\/lat\/wp-json\/wp\/v2\/pages\/2690\/revisions"}],"predecessor-version":[{"id":2895,"href":"https:\/\/pravnapomoc.org\/lat\/wp-json\/wp\/v2\/pages\/2690\/revisions\/2895"}],"up":[{"embeddable":true,"href":"https:\/\/pravnapomoc.org\/lat\/wp-json\/wp\/v2\/pages\/2549"}],"wp:attachment":[{"href":"https:\/\/pravnapomoc.org\/lat\/wp-json\/wp\/v2\/media?parent=2690"}],"curies":[{"name":"wp","href":"https:\/\/api.w.org\/{rel}","templated":true}]}}