{"id":2657,"date":"2017-08-09T12:00:46","date_gmt":"2017-08-09T11:00:46","guid":{"rendered":"http:\/\/pravnapomoc.org\/?page_id=2657\/"},"modified":"2018-10-09T11:52:08","modified_gmt":"2018-10-09T10:52:08","slug":"vranje","status":"publish","type":"page","link":"https:\/\/pravnapomoc.org\/lat\/kancelarije\/vranje\/","title":{"rendered":"Vranje"},"content":{"rendered":"<p>[vc_row css_animation=&#8221;&#8221; row_type=&#8221;row&#8221; use_row_as_full_screen_section=&#8221;no&#8221; type=&#8221;full_width&#8221; angled_section=&#8221;no&#8221; text_align=&#8221;left&#8221; background_image_as_pattern=&#8221;without_pattern&#8221;][vc_column css=&#8221;.vc_custom_1502271325232{margin-bottom: 40px !important;}&#8221;][vc_column_text el_class=&#8221;office-title&#8221;]<strong>Kancelarija<\/strong><\/p>\n<p><strong>VRANjE<\/strong><\/p>\n<p>\u0110ure Jak\u0161i\u0107a 1[\/vc_column_text][\/vc_column][\/vc_row][vc_row css_animation=&#8221;&#8221; row_type=&#8221;row&#8221; use_row_as_full_screen_section=&#8221;no&#8221; type=&#8221;full_width&#8221; angled_section=&#8221;no&#8221; text_align=&#8221;left&#8221; background_image_as_pattern=&#8221;without_pattern&#8221; el_class=&#8221;office-line&#8221; css=&#8221;.vc_custom_1502272070354{margin-bottom: 40px !important;}&#8221;][vc_column width=&#8221;1\/6&#8243;][vc_single_image image=&#8221;2668&#8243; img_size=&#8221;150&#215;250&#8243; qode_css_animation=&#8221;&#8221;][\/vc_column][vc_column width=&#8221;5\/6&#8243; css=&#8221;.vc_custom_1502271835968{padding-top: 30px !important;}&#8221;][vc_column_text el_class=&#8221;office-info-text-title&#8221;]<span lang=\"sr-RS\"><b>Vasilije Arsi\u0107<\/b><\/span><\/p>\n<p><span lang=\"sr-RS\"><i>Stariji pravni savetnik<\/i><\/span>[\/vc_column_text][vc_column_text el_class=&#8221;office-info-text&#8221;]Ro\u0111en je 1964 godine na Kosovu i Metohiji. Pravni fakultet zavr\u0161io je u Skoplju 1990. godine, a pravosudni ispit je polo\u017eio u Beogradu 1995. godine. Nakon zavr\u0161enih osnovnih studija, radio je u Sudu za prekr\u0161aje u Gnjilanu, a zatim u Ministrstvu unutra\u0161njih poslova na suzbijanju privrednog kriminala. Advokatsku kancelariju je otvoorio 2014. godine u Gnjilanu i od tada zastupa ve\u0107inom Srbe na Kosovu i Metohiji.[\/vc_column_text][\/vc_column][\/vc_row][vc_row css_animation=&#8221;&#8221; row_type=&#8221;row&#8221; use_row_as_full_screen_section=&#8221;no&#8221; type=&#8221;full_width&#8221; angled_section=&#8221;no&#8221; text_align=&#8221;left&#8221; background_image_as_pattern=&#8221;without_pattern&#8221; el_class=&#8221;office-line&#8221; css=&#8221;.vc_custom_1502272079370{margin-bottom: 40px !important;}&#8221;][vc_column width=&#8221;1\/6&#8243;][vc_single_image image=&#8221;2665&#8243; img_size=&#8221;150&#215;250&#8243; qode_css_animation=&#8221;&#8221;][\/vc_column][vc_column width=&#8221;5\/6&#8243; css=&#8221;.vc_custom_1502271835968{padding-top: 30px !important;}&#8221;][vc_column_text el_class=&#8221;office-info-text-title&#8221;]<span lang=\"sr-RS\"><b>Maja Simeonovska<\/b><\/span><\/p>\n<p><span lang=\"sr-RS\"><i>Mla\u0111i pravni savetnik<\/i><\/span>[\/vc_column_text][vc_column_text el_class=&#8221;office-info-text&#8221;]Diplomirala na Pravnom fakultetu Univerziteta u Beogradu. \u010clan Advokatske Komore Beograda. Tokom svog profesionalnog razvoja anga\u017eovana na projektima u oblasti izbegli\u0161tva, raseljeni\u0161tva, povrata na osnovu sporazuma o readmisiji, azila, kao i op\u0161tih migracija. Posve\u0107ena radu na pitanjima od zna\u010daja za polo\u017eaj i za\u0161titu prava migranata. Poseduje \u0161iroko iskustvo u pru\u017eanju pravnih saveta i pomo\u0107i i pronale\u017eenju mogu\u0107ih, adekvatnih i efikasnih re\u0161enja.[\/vc_column_text][\/vc_column][\/vc_row][vc_row css_animation=&#8221;&#8221; row_type=&#8221;row&#8221; use_row_as_full_screen_section=&#8221;no&#8221; type=&#8221;full_width&#8221; angled_section=&#8221;no&#8221; text_align=&#8221;left&#8221; background_image_as_pattern=&#8221;without_pattern&#8221; el_class=&#8221;office-line&#8221; css=&#8221;.vc_custom_1502272079370{margin-bottom: 40px !important;}&#8221;][vc_column width=&#8221;1\/6&#8243;][vc_single_image image=&#8221;2662&#8243; img_size=&#8221;150&#215;250&#8243; qode_css_animation=&#8221;&#8221;][\/vc_column][vc_column width=&#8221;5\/6&#8243; css=&#8221;.vc_custom_1502271835968{padding-top: 30px !important;}&#8221;][vc_column_text el_class=&#8221;office-info-text-title&#8221;]<span lang=\"sr-RS\"><b>Miljana Mladenovi\u0107<\/b><\/span><\/p>\n<p><span lang=\"sr-RS\"><i>Pripravnik<\/i><\/span>[\/vc_column_text][vc_column_text el_class=&#8221;office-info-text&#8221;]Zavr\u0161ila Pravni fakultet Univerziteta u Pri\u0161tini, u roku, sa prose\u010dnom ocenom studiranja 9,07. Radila kod advokata dva meseca. Pratila, radila i obra\u0111ivala predmete za sve vrste postupaka &#8211; krivi\u010dne, parni\u010dne, vanparni\u010dne i upravne. Radila analize predmeta, kao i pisanje raznih vrsti podnesaka za svaku od navedenih vrsta postupaka. Dobro vlada engleskim jezikom.[\/vc_column_text][\/vc_column][\/vc_row][vc_row css_animation=&#8221;&#8221; row_type=&#8221;row&#8221; use_row_as_full_screen_section=&#8221;no&#8221; type=&#8221;full_width&#8221; angled_section=&#8221;no&#8221; text_align=&#8221;left&#8221; background_image_as_pattern=&#8221;without_pattern&#8221; el_class=&#8221;office-line&#8221; css=&#8221;.vc_custom_1502272079370{margin-bottom: 40px !important;}&#8221;][vc_column width=&#8221;1\/6&#8243;][vc_single_image image=&#8221;2658&#8243; img_size=&#8221;150&#215;250&#8243; qode_css_animation=&#8221;&#8221;][\/vc_column][vc_column width=&#8221;5\/6&#8243; css=&#8221;.vc_custom_1502271835968{padding-top: 30px !important;}&#8221;][vc_column_text el_class=&#8221;office-info-text-title&#8221;]<span lang=\"sr-RS\"><b>Aleksandra Ordi\u0107<\/b><\/span><\/p>\n<p><span lang=\"sr-RS\"><i>Pripravnik<\/i><\/span>[\/vc_column_text][vc_column_text el_class=&#8221;office-info-text&#8221;]Ro\u0111ena 1981 godine u Vranju. Diplomirala na pravnom fakultetu u Ni\u0161u. Radila u Gradskoj upravi Grada Vranja, u imovinsko-pravnoj slu\u017ebi , na poslovima eksproprijacije zemlji\u0161ta, nakon \u010dega je polo\u017eila stru\u010dni ispit. Ima pet godina radnog iskustva na administrativnim poslovima u privatnom sektoru.[\/vc_column_text][\/vc_column][\/vc_row]<\/p>\n","protected":false},"excerpt":{"rendered":"<p>[vc_row css_animation=&#8221;&#8221; row_type=&#8221;row&#8221; use_row_as_full_screen_section=&#8221;no&#8221; type=&#8221;full_width&#8221; angled_section=&#8221;no&#8221; text_align=&#8221;left&#8221; background_image_as_pattern=&#8221;without_pattern&#8221;][vc_column css=&#8221;.vc_custom_1502271325232{margin-bottom: 40px !important;}&#8221;][vc_column_text el_class=&#8221;office-title&#8221;]Kancelarija VRANjE \u0110ure Jak\u0161i\u0107a 1[\/vc_column_text][\/vc_column][\/vc_row][vc_row css_animation=&#8221;&#8221; row_type=&#8221;row&#8221; use_row_as_full_screen_section=&#8221;no&#8221; type=&#8221;full_width&#8221; angled_section=&#8221;no&#8221; text_align=&#8221;left&#8221; background_image_as_pattern=&#8221;without_pattern&#8221; el_class=&#8221;office-line&#8221; css=&#8221;.vc_custom_1502272070354{margin-bottom: 40px !important;}&#8221;][vc_column width=&#8221;1\/6&#8243;][vc_single_image image=&#8221;2668&#8243; img_size=&#8221;150&#215;250&#8243; qode_css_animation=&#8221;&#8221;][\/vc_column][vc_column width=&#8221;5\/6&#8243; css=&#8221;.vc_custom_1502271835968{padding-top: 30px !important;}&#8221;][vc_column_text el_class=&#8221;office-info-text-title&#8221;]Vasilije Arsi\u0107 Stariji pravni savetnik[\/vc_column_text][vc_column_text el_class=&#8221;office-info-text&#8221;]Ro\u0111en je 1964 godine na&#8230;<\/p>\n","protected":false},"author":2,"featured_media":0,"parent":2549,"menu_order":0,"comment_status":"closed","ping_status":"closed","template":"","meta":{"_acf_changed":false,"inline_featured_image":false,"footnotes":""},"class_list":["post-2657","page","type-page","status-publish","hentry"],"acf":[],"yoast_head":"<!-- This site is optimized with the Yoast SEO plugin v27.5 - https:\/\/yoast.com\/product\/yoast-seo-wordpress\/ -->\n<title>Vranje - Free legal aid<\/title>\n<meta name=\"robots\" content=\"index, follow, max-snippet:-1, max-image-preview:large, max-video-preview:-1\" \/>\n<link rel=\"canonical\" href=\"https:\/\/pravnapomoc.org\/\u043a\u0430\u043d\u0446\u0435\u043b\u0430\u0440\u0438\u0458\u0435\/\u0432\u0440\u0430\u045a\u0435\/\" \/>\n<meta property=\"og:locale\" content=\"en_US\" \/>\n<meta property=\"og:type\" content=\"article\" \/>\n<meta property=\"og:title\" content=\"Vranje - Free legal aid\" \/>\n<meta property=\"og:description\" content=\"[vc_row css_animation=&#8221;&#8221; row_type=&#8221;row&#8221; use_row_as_full_screen_section=&#8221;no&#8221; type=&#8221;full_width&#8221; angled_section=&#8221;no&#8221; text_align=&#8221;left&#8221; background_image_as_pattern=&#8221;without_pattern&#8221;][vc_column css=&#8221;.vc_custom_1502271325232{margin-bottom: 40px !important;}&#8221;][vc_column_text el_class=&#8221;office-title&#8221;]Kancelarija VRANjE \u0110ure Jak\u0161i\u0107a 1[\/vc_column_text][\/vc_column][\/vc_row][vc_row css_animation=&#8221;&#8221; row_type=&#8221;row&#8221; use_row_as_full_screen_section=&#8221;no&#8221; type=&#8221;full_width&#8221; angled_section=&#8221;no&#8221; text_align=&#8221;left&#8221; background_image_as_pattern=&#8221;without_pattern&#8221; el_class=&#8221;office-line&#8221; css=&#8221;.vc_custom_1502272070354{margin-bottom: 40px !important;}&#8221;][vc_column width=&#8221;1\/6&#8243;][vc_single_image image=&#8221;2668&#8243; img_size=&#8221;150&#215;250&#8243; qode_css_animation=&#8221;&#8221;][\/vc_column][vc_column width=&#8221;5\/6&#8243; css=&#8221;.vc_custom_1502271835968{padding-top: 30px !important;}&#8221;][vc_column_text el_class=&#8221;office-info-text-title&#8221;]Vasilije Arsi\u0107 Stariji pravni savetnik[\/vc_column_text][vc_column_text el_class=&#8221;office-info-text&#8221;]Ro\u0111en je 1964 godine na...\" \/>\n<meta property=\"og:url\" content=\"https:\/\/pravnapomoc.org\/\u043a\u0430\u043d\u0446\u0435\u043b\u0430\u0440\u0438\u0458\u0435\/\u0432\u0440\u0430\u045a\u0435\/\" \/>\n<meta property=\"og:site_name\" content=\"Free legal aid\" \/>\n<meta property=\"article:modified_time\" content=\"2018-10-09T10:52:08+00:00\" \/>\n<meta name=\"twitter:card\" content=\"summary_large_image\" \/>\n<meta name=\"twitter:label1\" content=\"Est. reading time\" \/>\n\t<meta name=\"twitter:data1\" content=\"3 minutes\" \/>\n<script type=\"application\/ld+json\" class=\"yoast-schema-graph\">{\"@context\":\"https:\\\/\\\/schema.org\",\"@graph\":[{\"@type\":\"WebPage\",\"@id\":\"https:\\\/\\\/pravnapomoc.org\\\/%d0%ba%d0%b0%d0%bd%d1%86%d0%b5%d0%bb%d0%b0%d1%80%d0%b8%d1%98%d0%b5\\\/%d0%b2%d1%80%d0%b0%d1%9a%d0%b5\\\/\",\"url\":\"https:\\\/\\\/pravnapomoc.org\\\/%d0%ba%d0%b0%d0%bd%d1%86%d0%b5%d0%bb%d0%b0%d1%80%d0%b8%d1%98%d0%b5\\\/%d0%b2%d1%80%d0%b0%d1%9a%d0%b5\\\/\",\"name\":\"Vranje - Free legal aid\",\"isPartOf\":{\"@id\":\"https:\\\/\\\/pravnapomoc.org\\\/#website\"},\"datePublished\":\"2017-08-09T11:00:46+00:00\",\"dateModified\":\"2018-10-09T10:52:08+00:00\",\"breadcrumb\":{\"@id\":\"https:\\\/\\\/pravnapomoc.org\\\/%d0%ba%d0%b0%d0%bd%d1%86%d0%b5%d0%bb%d0%b0%d1%80%d0%b8%d1%98%d0%b5\\\/%d0%b2%d1%80%d0%b0%d1%9a%d0%b5\\\/#breadcrumb\"},\"inLanguage\":\"sr-RS@latin\",\"potentialAction\":[{\"@type\":\"ReadAction\",\"target\":[\"https:\\\/\\\/pravnapomoc.org\\\/%d0%ba%d0%b0%d0%bd%d1%86%d0%b5%d0%bb%d0%b0%d1%80%d0%b8%d1%98%d0%b5\\\/%d0%b2%d1%80%d0%b0%d1%9a%d0%b5\\\/\"]}]},{\"@type\":\"BreadcrumbList\",\"@id\":\"https:\\\/\\\/pravnapomoc.org\\\/%d0%ba%d0%b0%d0%bd%d1%86%d0%b5%d0%bb%d0%b0%d1%80%d0%b8%d1%98%d0%b5\\\/%d0%b2%d1%80%d0%b0%d1%9a%d0%b5\\\/#breadcrumb\",\"itemListElement\":[{\"@type\":\"ListItem\",\"position\":1,\"name\":\"Home\",\"item\":\"https:\\\/\\\/pravnapomoc.org\\\/lat\\\/\"},{\"@type\":\"ListItem\",\"position\":2,\"name\":\"Kancelarije\",\"item\":\"https:\\\/\\\/pravnapomoc.org\\\/%d0%ba%d0%b0%d0%bd%d1%86%d0%b5%d0%bb%d0%b0%d1%80%d0%b8%d1%98%d0%b5\\\/\"},{\"@type\":\"ListItem\",\"position\":3,\"name\":\"Vranje\"}]},{\"@type\":\"WebSite\",\"@id\":\"https:\\\/\\\/pravnapomoc.org\\\/#website\",\"url\":\"https:\\\/\\\/pravnapomoc.org\\\/\",\"name\":\"Free legal aid\",\"description\":\"Promotion and the protection of property rights of internally displaced persons, refugees and returnees upon readmission agreements\",\"potentialAction\":[{\"@type\":\"SearchAction\",\"target\":{\"@type\":\"EntryPoint\",\"urlTemplate\":\"https:\\\/\\\/pravnapomoc.org\\\/?s={search_term_string}\"},\"query-input\":{\"@type\":\"PropertyValueSpecification\",\"valueRequired\":true,\"valueName\":\"search_term_string\"}}],\"inLanguage\":\"sr-RS@latin\"}]}<\/script>\n<!-- \/ Yoast SEO plugin. -->","yoast_head_json":{"title":"Vranje - Free legal aid","robots":{"index":"index","follow":"follow","max-snippet":"max-snippet:-1","max-image-preview":"max-image-preview:large","max-video-preview":"max-video-preview:-1"},"canonical":"https:\/\/pravnapomoc.org\/\u043a\u0430\u043d\u0446\u0435\u043b\u0430\u0440\u0438\u0458\u0435\/\u0432\u0440\u0430\u045a\u0435\/","og_locale":"en_US","og_type":"article","og_title":"Vranje - Free legal aid","og_description":"[vc_row css_animation=&#8221;&#8221; row_type=&#8221;row&#8221; use_row_as_full_screen_section=&#8221;no&#8221; type=&#8221;full_width&#8221; angled_section=&#8221;no&#8221; text_align=&#8221;left&#8221; background_image_as_pattern=&#8221;without_pattern&#8221;][vc_column css=&#8221;.vc_custom_1502271325232{margin-bottom: 40px !important;}&#8221;][vc_column_text el_class=&#8221;office-title&#8221;]Kancelarija VRANjE \u0110ure Jak\u0161i\u0107a 1[\/vc_column_text][\/vc_column][\/vc_row][vc_row css_animation=&#8221;&#8221; row_type=&#8221;row&#8221; use_row_as_full_screen_section=&#8221;no&#8221; type=&#8221;full_width&#8221; angled_section=&#8221;no&#8221; text_align=&#8221;left&#8221; background_image_as_pattern=&#8221;without_pattern&#8221; el_class=&#8221;office-line&#8221; css=&#8221;.vc_custom_1502272070354{margin-bottom: 40px !important;}&#8221;][vc_column width=&#8221;1\/6&#8243;][vc_single_image image=&#8221;2668&#8243; img_size=&#8221;150&#215;250&#8243; qode_css_animation=&#8221;&#8221;][\/vc_column][vc_column width=&#8221;5\/6&#8243; css=&#8221;.vc_custom_1502271835968{padding-top: 30px !important;}&#8221;][vc_column_text el_class=&#8221;office-info-text-title&#8221;]Vasilije Arsi\u0107 Stariji pravni savetnik[\/vc_column_text][vc_column_text el_class=&#8221;office-info-text&#8221;]Ro\u0111en je 1964 godine na...","og_url":"https:\/\/pravnapomoc.org\/\u043a\u0430\u043d\u0446\u0435\u043b\u0430\u0440\u0438\u0458\u0435\/\u0432\u0440\u0430\u045a\u0435\/","og_site_name":"Free legal aid","article_modified_time":"2018-10-09T10:52:08+00:00","twitter_card":"summary_large_image","twitter_misc":{"Est. reading time":"3 minutes"},"schema":{"@context":"https:\/\/schema.org","@graph":[{"@type":"WebPage","@id":"https:\/\/pravnapomoc.org\/%d0%ba%d0%b0%d0%bd%d1%86%d0%b5%d0%bb%d0%b0%d1%80%d0%b8%d1%98%d0%b5\/%d0%b2%d1%80%d0%b0%d1%9a%d0%b5\/","url":"https:\/\/pravnapomoc.org\/%d0%ba%d0%b0%d0%bd%d1%86%d0%b5%d0%bb%d0%b0%d1%80%d0%b8%d1%98%d0%b5\/%d0%b2%d1%80%d0%b0%d1%9a%d0%b5\/","name":"Vranje - Free legal aid","isPartOf":{"@id":"https:\/\/pravnapomoc.org\/#website"},"datePublished":"2017-08-09T11:00:46+00:00","dateModified":"2018-10-09T10:52:08+00:00","breadcrumb":{"@id":"https:\/\/pravnapomoc.org\/%d0%ba%d0%b0%d0%bd%d1%86%d0%b5%d0%bb%d0%b0%d1%80%d0%b8%d1%98%d0%b5\/%d0%b2%d1%80%d0%b0%d1%9a%d0%b5\/#breadcrumb"},"inLanguage":"sr-RS@latin","potentialAction":[{"@type":"ReadAction","target":["https:\/\/pravnapomoc.org\/%d0%ba%d0%b0%d0%bd%d1%86%d0%b5%d0%bb%d0%b0%d1%80%d0%b8%d1%98%d0%b5\/%d0%b2%d1%80%d0%b0%d1%9a%d0%b5\/"]}]},{"@type":"BreadcrumbList","@id":"https:\/\/pravnapomoc.org\/%d0%ba%d0%b0%d0%bd%d1%86%d0%b5%d0%bb%d0%b0%d1%80%d0%b8%d1%98%d0%b5\/%d0%b2%d1%80%d0%b0%d1%9a%d0%b5\/#breadcrumb","itemListElement":[{"@type":"ListItem","position":1,"name":"Home","item":"https:\/\/pravnapomoc.org\/lat\/"},{"@type":"ListItem","position":2,"name":"Kancelarije","item":"https:\/\/pravnapomoc.org\/%d0%ba%d0%b0%d0%bd%d1%86%d0%b5%d0%bb%d0%b0%d1%80%d0%b8%d1%98%d0%b5\/"},{"@type":"ListItem","position":3,"name":"Vranje"}]},{"@type":"WebSite","@id":"https:\/\/pravnapomoc.org\/#website","url":"https:\/\/pravnapomoc.org\/","name":"Free legal aid","description":"Promotion and the protection of property rights of internally displaced persons, refugees and returnees upon readmission agreements","potentialAction":[{"@type":"SearchAction","target":{"@type":"EntryPoint","urlTemplate":"https:\/\/pravnapomoc.org\/?s={search_term_string}"},"query-input":{"@type":"PropertyValueSpecification","valueRequired":true,"valueName":"search_term_string"}}],"inLanguage":"sr-RS@latin"}]}},"_links":{"self":[{"href":"https:\/\/pravnapomoc.org\/lat\/wp-json\/wp\/v2\/pages\/2657","targetHints":{"allow":["GET"]}}],"collection":[{"href":"https:\/\/pravnapomoc.org\/lat\/wp-json\/wp\/v2\/pages"}],"about":[{"href":"https:\/\/pravnapomoc.org\/lat\/wp-json\/wp\/v2\/types\/page"}],"author":[{"embeddable":true,"href":"https:\/\/pravnapomoc.org\/lat\/wp-json\/wp\/v2\/users\/2"}],"replies":[{"embeddable":true,"href":"https:\/\/pravnapomoc.org\/lat\/wp-json\/wp\/v2\/comments?post=2657"}],"version-history":[{"count":5,"href":"https:\/\/pravnapomoc.org\/lat\/wp-json\/wp\/v2\/pages\/2657\/revisions"}],"predecessor-version":[{"id":4004,"href":"https:\/\/pravnapomoc.org\/lat\/wp-json\/wp\/v2\/pages\/2657\/revisions\/4004"}],"up":[{"embeddable":true,"href":"https:\/\/pravnapomoc.org\/lat\/wp-json\/wp\/v2\/pages\/2549"}],"wp:attachment":[{"href":"https:\/\/pravnapomoc.org\/lat\/wp-json\/wp\/v2\/media?parent=2657"}],"curies":[{"name":"wp","href":"https:\/\/api.w.org\/{rel}","templated":true}]}}